{"id":8915,"date":"2024-11-26T13:29:33","date_gmt":"2024-11-26T12:29:33","guid":{"rendered":"https:\/\/www.huurreiberica.com\/?post_type=proyecto&#038;p=8915"},"modified":"2026-08-13T10:31:56","modified_gmt":"2026-08-13T08:31:56","slug":"centre-pour-la-jeunesse","status":"publish","type":"proyecto","link":"https:\/\/www.huurreiberica.com\/fr\/projet\/centre-pour-la-jeunesse\/","title":{"rendered":"Centre pour la jeunesse"},"content":{"rendered":"\n<p>Le centre social pour jeunes de Riudellots, d&rsquo;une superficie de 300 m\u00b2, a int\u00e9gr\u00e9 le panneau de fa\u00e7ade lisse <a href=\"https:\/\/www.huurreiberica.com\/fr\/produit\/panneau-hi-st-facade\/\" target=\"_blank\" rel=\"noreferrer noopener\">HI-STL<\/a> pour la r\u00e9alisation de son enveloppe ext\u00e9rieure. Cette solution a contribu\u00e9 \u00e0 cr\u00e9er une image architecturale moderne et fonctionnelle, en accord avec le caract\u00e8re communautaire du b\u00e2timent.<\/p>\n","protected":false},"featured_media":4286,"parent":0,"template":"","meta":{"_acf_changed":false,"_oasis_is_in_workflow":0,"_oasis_original":0,"_oasis_task_priority":"2normal","_genesis_hide_title":false,"_genesis_hide_breadcrumbs":false,"_genesis_hide_singular_image":false,"_genesis_hide_footer_widgets":false,"_genesis_custom_body_class":"","_genesis_custom_post_class":"","_genesis_layout":"","footnotes":""},"categoria-proyecto":[254,252],"class_list":{"0":"post-8915","1":"proyecto","2":"type-proyecto","3":"status-publish","4":"has-post-thumbnail","6":"categoria-proyecto-tertiaire","7":"categoria-proyecto-travaux-publics","8":"entry"},"acf":[],"yoast_head":"<!-- This site is optimized with the Yoast SEO plugin v27.3 - https:\/\/yoast.com\/product\/yoast-seo-wordpress\/ -->\n<title>Projets Huurre - Centre social pour les jeunes<\/title>\n<meta name=\"description\" content=\"Le Centre social pour les jeunes de Riudellots a int\u00e9gr\u00e9 le panneau de fa\u00e7ade lisse HI-STL pour la r\u00e9alisation de son enveloppe ext\u00e9rieure.\" \/>\n<meta name=\"robots\" content=\"index, follow, max-snippet:-1, max-image-preview:large, max-video-preview:-1\" \/>\n<link rel=\"canonical\" href=\"https:\/\/www.huurreiberica.com\/fr\/projet\/centre-pour-la-jeunesse\/\" \/>\n<meta property=\"og:locale\" content=\"fr_FR\" \/>\n<meta property=\"og:type\" content=\"article\" \/>\n<meta property=\"og:title\" content=\"Projets Huurre - Centre social pour les jeunes\" \/>\n<meta property=\"og:description\" content=\"Le Centre social pour les jeunes de Riudellots a int\u00e9gr\u00e9 le panneau de fa\u00e7ade lisse HI-STL pour la r\u00e9alisation de son enveloppe ext\u00e9rieure.\" \/>\n<meta property=\"og:url\" content=\"https:\/\/www.huurreiberica.com\/fr\/projet\/centre-pour-la-jeunesse\/\" \/>\n<meta property=\"og:site_name\" content=\"Huurre\" \/>\n<meta property=\"article:modified_time\" content=\"2026-08-13T08:31:56+00:00\" \/>\n<meta property=\"og:image\" content=\"https:\/\/www.huurreiberica.com\/wp-content\/uploads\/2024\/02\/Cj1-3.jpg\" \/>\n\t<meta property=\"og:image:width\" content=\"1800\" \/>\n\t<meta property=\"og:image:height\" content=\"1200\" \/>\n\t<meta property=\"og:image:type\" content=\"image\/jpeg\" \/>\n<meta name=\"twitter:card\" content=\"summary_large_image\" \/>\n<meta name=\"twitter:label1\" content=\"Dur\u00e9e de lecture estim\u00e9e\" \/>\n\t<meta name=\"twitter:data1\" content=\"1 minute\" \/>\n<script type=\"application\/ld+json\" class=\"yoast-schema-graph\">{\"@context\":\"https:\\\/\\\/schema.org\",\"@graph\":[{\"@type\":\"WebPage\",\"@id\":\"https:\\\/\\\/www.huurreiberica.com\\\/fr\\\/projet\\\/centre-pour-la-jeunesse\\\/\",\"url\":\"https:\\\/\\\/www.huurreiberica.com\\\/fr\\\/projet\\\/centre-pour-la-jeunesse\\\/\",\"name\":\"Projets Huurre - Centre social pour les jeunes\",\"isPartOf\":{\"@id\":\"https:\\\/\\\/www.huurreiberica.com\\\/fr\\\/#website\"},\"primaryImageOfPage\":{\"@id\":\"https:\\\/\\\/www.huurreiberica.com\\\/fr\\\/projet\\\/centre-pour-la-jeunesse\\\/#primaryimage\"},\"image\":{\"@id\":\"https:\\\/\\\/www.huurreiberica.com\\\/fr\\\/projet\\\/centre-pour-la-jeunesse\\\/#primaryimage\"},\"thumbnailUrl\":\"https:\\\/\\\/www.huurreiberica.com\\\/wp-content\\\/uploads\\\/2024\\\/02\\\/Cj1-3.jpg\",\"datePublished\":\"2024-11-26T12:29:33+00:00\",\"dateModified\":\"2026-08-13T08:31:56+00:00\",\"description\":\"Le Centre social pour les jeunes de Riudellots a int\u00e9gr\u00e9 le panneau de fa\u00e7ade lisse HI-STL pour la r\u00e9alisation de son enveloppe ext\u00e9rieure.\",\"breadcrumb\":{\"@id\":\"https:\\\/\\\/www.huurreiberica.com\\\/fr\\\/projet\\\/centre-pour-la-jeunesse\\\/#breadcrumb\"},\"inLanguage\":\"fr-FR\",\"potentialAction\":[{\"@type\":\"ReadAction\",\"target\":[\"https:\\\/\\\/www.huurreiberica.com\\\/fr\\\/projet\\\/centre-pour-la-jeunesse\\\/\"]}]},{\"@type\":\"ImageObject\",\"inLanguage\":\"fr-FR\",\"@id\":\"https:\\\/\\\/www.huurreiberica.com\\\/fr\\\/projet\\\/centre-pour-la-jeunesse\\\/#primaryimage\",\"url\":\"https:\\\/\\\/www.huurreiberica.com\\\/wp-content\\\/uploads\\\/2024\\\/02\\\/Cj1-3.jpg\",\"contentUrl\":\"https:\\\/\\\/www.huurreiberica.com\\\/wp-content\\\/uploads\\\/2024\\\/02\\\/Cj1-3.jpg\",\"width\":1800,\"height\":1200},{\"@type\":\"BreadcrumbList\",\"@id\":\"https:\\\/\\\/www.huurreiberica.com\\\/fr\\\/projet\\\/centre-pour-la-jeunesse\\\/#breadcrumb\",\"itemListElement\":[{\"@type\":\"ListItem\",\"position\":1,\"name\":\"Home\",\"item\":\"https:\\\/\\\/www.huurreiberica.com\\\/fr\\\/\"},{\"@type\":\"ListItem\",\"position\":2,\"name\":\"Proyectos\",\"item\":\"https:\\\/\\\/www.huurreiberica.com\\\/fr\\\/projet\\\/\"},{\"@type\":\"ListItem\",\"position\":3,\"name\":\"Travaux publics\",\"item\":\"https:\\\/\\\/www.huurreiberica.com\\\/fr\\\/categorie-projet\\\/travaux-publics\\\/\"},{\"@type\":\"ListItem\",\"position\":4,\"name\":\"Centre pour la jeunesse\"}]},{\"@type\":\"WebSite\",\"@id\":\"https:\\\/\\\/www.huurreiberica.com\\\/fr\\\/#website\",\"url\":\"https:\\\/\\\/www.huurreiberica.com\\\/fr\\\/\",\"name\":\"Huurre\",\"description\":\"Paneles aislantes para edificios eficientes y sostenibles | Fabricamos paneles para fachadas, paredes interiores,\",\"potentialAction\":[{\"@type\":\"SearchAction\",\"target\":{\"@type\":\"EntryPoint\",\"urlTemplate\":\"https:\\\/\\\/www.huurreiberica.com\\\/fr\\\/?s={search_term_string}\"},\"query-input\":{\"@type\":\"PropertyValueSpecification\",\"valueRequired\":true,\"valueName\":\"search_term_string\"}}],\"inLanguage\":\"fr-FR\"}]}<\/script>\n<!-- \/ Yoast SEO plugin. -->","yoast_head_json":{"title":"Projets Huurre - Centre social pour les jeunes","description":"Le Centre social pour les jeunes de Riudellots a int\u00e9gr\u00e9 le panneau de fa\u00e7ade lisse HI-STL pour la r\u00e9alisation de son enveloppe ext\u00e9rieure.","robots":{"index":"index","follow":"follow","max-snippet":"max-snippet:-1","max-image-preview":"max-image-preview:large","max-video-preview":"max-video-preview:-1"},"canonical":"https:\/\/www.huurreiberica.com\/fr\/projet\/centre-pour-la-jeunesse\/","og_locale":"fr_FR","og_type":"article","og_title":"Projets Huurre - Centre social pour les jeunes","og_description":"Le Centre social pour les jeunes de Riudellots a int\u00e9gr\u00e9 le panneau de fa\u00e7ade lisse HI-STL pour la r\u00e9alisation de son enveloppe ext\u00e9rieure.","og_url":"https:\/\/www.huurreiberica.com\/fr\/projet\/centre-pour-la-jeunesse\/","og_site_name":"Huurre","article_modified_time":"2026-08-13T08:31:56+00:00","og_image":[{"width":1800,"height":1200,"url":"https:\/\/www.huurreiberica.com\/wp-content\/uploads\/2024\/02\/Cj1-3.jpg","type":"image\/jpeg"}],"twitter_card":"summary_large_image","twitter_misc":{"Dur\u00e9e de lecture estim\u00e9e":"1 minute"},"schema":{"@context":"https:\/\/schema.org","@graph":[{"@type":"WebPage","@id":"https:\/\/www.huurreiberica.com\/fr\/projet\/centre-pour-la-jeunesse\/","url":"https:\/\/www.huurreiberica.com\/fr\/projet\/centre-pour-la-jeunesse\/","name":"Projets Huurre - Centre social pour les jeunes","isPartOf":{"@id":"https:\/\/www.huurreiberica.com\/fr\/#website"},"primaryImageOfPage":{"@id":"https:\/\/www.huurreiberica.com\/fr\/projet\/centre-pour-la-jeunesse\/#primaryimage"},"image":{"@id":"https:\/\/www.huurreiberica.com\/fr\/projet\/centre-pour-la-jeunesse\/#primaryimage"},"thumbnailUrl":"https:\/\/www.huurreiberica.com\/wp-content\/uploads\/2024\/02\/Cj1-3.jpg","datePublished":"2024-11-26T12:29:33+00:00","dateModified":"2026-08-13T08:31:56+00:00","description":"Le Centre social pour les jeunes de Riudellots a int\u00e9gr\u00e9 le panneau de fa\u00e7ade lisse HI-STL pour la r\u00e9alisation de son enveloppe ext\u00e9rieure.","breadcrumb":{"@id":"https:\/\/www.huurreiberica.com\/fr\/projet\/centre-pour-la-jeunesse\/#breadcrumb"},"inLanguage":"fr-FR","potentialAction":[{"@type":"ReadAction","target":["https:\/\/www.huurreiberica.com\/fr\/projet\/centre-pour-la-jeunesse\/"]}]},{"@type":"ImageObject","inLanguage":"fr-FR","@id":"https:\/\/www.huurreiberica.com\/fr\/projet\/centre-pour-la-jeunesse\/#primaryimage","url":"https:\/\/www.huurreiberica.com\/wp-content\/uploads\/2024\/02\/Cj1-3.jpg","contentUrl":"https:\/\/www.huurreiberica.com\/wp-content\/uploads\/2024\/02\/Cj1-3.jpg","width":1800,"height":1200},{"@type":"BreadcrumbList","@id":"https:\/\/www.huurreiberica.com\/fr\/projet\/centre-pour-la-jeunesse\/#breadcrumb","itemListElement":[{"@type":"ListItem","position":1,"name":"Home","item":"https:\/\/www.huurreiberica.com\/fr\/"},{"@type":"ListItem","position":2,"name":"Proyectos","item":"https:\/\/www.huurreiberica.com\/fr\/projet\/"},{"@type":"ListItem","position":3,"name":"Travaux publics","item":"https:\/\/www.huurreiberica.com\/fr\/categorie-projet\/travaux-publics\/"},{"@type":"ListItem","position":4,"name":"Centre pour la jeunesse"}]},{"@type":"WebSite","@id":"https:\/\/www.huurreiberica.com\/fr\/#website","url":"https:\/\/www.huurreiberica.com\/fr\/","name":"Huurre","description":"Paneles aislantes para edificios eficientes y sostenibles | Fabricamos paneles para fachadas, paredes interiores,","potentialAction":[{"@type":"SearchAction","target":{"@type":"EntryPoint","urlTemplate":"https:\/\/www.huurreiberica.com\/fr\/?s={search_term_string}"},"query-input":{"@type":"PropertyValueSpecification","valueRequired":true,"valueName":"search_term_string"}}],"inLanguage":"fr-FR"}]}},"_links":{"self":[{"href":"https:\/\/www.huurreiberica.com\/fr\/wp-json\/wp\/v2\/proyecto\/8915","targetHints":{"allow":["GET"]}}],"collection":[{"href":"https:\/\/www.huurreiberica.com\/fr\/wp-json\/wp\/v2\/proyecto"}],"about":[{"href":"https:\/\/www.huurreiberica.com\/fr\/wp-json\/wp\/v2\/types\/proyecto"}],"version-history":[{"count":3,"href":"https:\/\/www.huurreiberica.com\/fr\/wp-json\/wp\/v2\/proyecto\/8915\/revisions"}],"predecessor-version":[{"id":21359,"href":"https:\/\/www.huurreiberica.com\/fr\/wp-json\/wp\/v2\/proyecto\/8915\/revisions\/21359"}],"wp:featuredmedia":[{"embeddable":true,"href":"https:\/\/www.huurreiberica.com\/fr\/wp-json\/wp\/v2\/media\/4286"}],"wp:attachment":[{"href":"https:\/\/www.huurreiberica.com\/fr\/wp-json\/wp\/v2\/media?parent=8915"}],"wp:term":[{"taxonomy":"categoria-proyecto","embeddable":true,"href":"https:\/\/www.huurreiberica.com\/fr\/wp-json\/wp\/v2\/categoria-proyecto?post=8915"}],"curies":[{"name":"wp","href":"https:\/\/api.w.org\/{rel}","templated":true}]}}